{"id":78,"date":"2024-08-04T17:21:04","date_gmt":"2024-08-04T15:21:04","guid":{"rendered":"https:\/\/couleur-abeille.fr\/?page_id=78"},"modified":"2024-12-18T17:16:43","modified_gmt":"2024-12-18T16:16:43","slug":"sos-essaim","status":"publish","type":"page","link":"https:\/\/www.couleur-abeille.fr\/index.php\/sos-essaim\/","title":{"rendered":"SOS Essaim"},"content":{"rendered":"\n<p class=\"has-text-align-center\">Un essaim s&rsquo;est pos\u00e9 dans votre jardin ? <br>Je peux intervenir pour le r\u00e9cup\u00e9rer et le mettre en s\u00e9curit\u00e9 !<\/p>\n\n\n\n<figure class=\"wp-block-gallery has-nested-images columns-default is-cropped wp-block-gallery-1 is-layout-flex wp-block-gallery-is-layout-flex\">\n<figure class=\"wp-block-image size-large\"><img loading=\"lazy\" decoding=\"async\" width=\"682\" height=\"1024\" data-id=\"80\" src=\"https:\/\/couleur-abeille.fr\/wp-content\/uploads\/2024\/08\/leonie-clough-VfuluNFsplg-unsplash-682x1024.jpg\" alt=\"\" class=\"wp-image-80\" srcset=\"https:\/\/www.couleur-abeille.fr\/wp-content\/uploads\/2024\/08\/leonie-clough-VfuluNFsplg-unsplash-682x1024.jpg 682w, https:\/\/www.couleur-abeille.fr\/wp-content\/uploads\/2024\/08\/leonie-clough-VfuluNFsplg-unsplash-scaled-600x901.jpg 600w, https:\/\/www.couleur-abeille.fr\/wp-content\/uploads\/2024\/08\/leonie-clough-VfuluNFsplg-unsplash-200x300.jpg 200w, https:\/\/www.couleur-abeille.fr\/wp-content\/uploads\/2024\/08\/leonie-clough-VfuluNFsplg-unsplash-768x1153.jpg 768w, https:\/\/www.couleur-abeille.fr\/wp-content\/uploads\/2024\/08\/leonie-clough-VfuluNFsplg-unsplash-1023x1536.jpg 1023w, https:\/\/www.couleur-abeille.fr\/wp-content\/uploads\/2024\/08\/leonie-clough-VfuluNFsplg-unsplash-1364x2048.jpg 1364w, https:\/\/www.couleur-abeille.fr\/wp-content\/uploads\/2024\/08\/leonie-clough-VfuluNFsplg-unsplash-scaled.jpg 1704w\" sizes=\"auto, (max-width: 682px) 100vw, 682px\" \/><figcaption class=\"wp-element-caption\">Essaim pos\u00e9 sur une branche<\/figcaption><\/figure>\n\n\n\n<figure class=\"wp-block-image size-large\"><img loading=\"lazy\" decoding=\"async\" width=\"768\" height=\"1024\" data-id=\"79\" src=\"https:\/\/couleur-abeille.fr\/wp-content\/uploads\/2024\/08\/IMG20240405151714-768x1024.jpg\" alt=\"\" class=\"wp-image-79\" srcset=\"https:\/\/www.couleur-abeille.fr\/wp-content\/uploads\/2024\/08\/IMG20240405151714-768x1024.jpg 768w, https:\/\/www.couleur-abeille.fr\/wp-content\/uploads\/2024\/08\/IMG20240405151714-scaled-600x800.jpg 600w, https:\/\/www.couleur-abeille.fr\/wp-content\/uploads\/2024\/08\/IMG20240405151714-225x300.jpg 225w, https:\/\/www.couleur-abeille.fr\/wp-content\/uploads\/2024\/08\/IMG20240405151714-1152x1536.jpg 1152w, https:\/\/www.couleur-abeille.fr\/wp-content\/uploads\/2024\/08\/IMG20240405151714-1536x2048.jpg 1536w, https:\/\/www.couleur-abeille.fr\/wp-content\/uploads\/2024\/08\/IMG20240405151714-scaled.jpg 1920w\" sizes=\"auto, (max-width: 768px) 100vw, 768px\" \/><figcaption class=\"wp-element-caption\">R\u00e9cup\u00e9ration de l&rsquo;essaim<\/figcaption><\/figure>\n<\/figure>\n\n\n\n<div data-schema-only=\"false\" class=\"wp-block-aioseo-faq\"><h3 class=\"aioseo-faq-block-question\">Pourquoi les abeilles sont venues se poser ici ?<\/h3><div class=\"aioseo-faq-block-answer\">\n\n<p>Il s&rsquo;agit d&rsquo;un ph\u00e9nom\u00e8ne naturel de l&rsquo;abeille appel\u00e9 <a href=\"https:\/\/fr.wikipedia.org\/wiki\/Abeille#:~:text=Un%20essaim%20d'abeilles%20est,%2C%20on%20parle%20d'essaimage.\" title=\"\">essaimage<\/a>. Une partie de la colonie se scinde en qu\u00eate d&rsquo;un nouvel endroit o\u00f9 habiter.<\/p>\n\n<\/div><\/div>\n\n\n\n<div data-schema-only=\"false\" class=\"wp-block-aioseo-faq\"><h3 class=\"aioseo-faq-block-question\">Pouvez-vous intervenir ?<\/h3><div class=\"aioseo-faq-block-answer\">\n\n<p>Si vous \u00eates dans ma zone d&rsquo;intervention (85150) avec grand plaisir sinon n&rsquo;h\u00e9sitez pas \u00e0 vous r\u00e9f\u00e9rer au site <a href=\"https:\/\/www.sos-essaim.com\/\" title=\"\">SOS Essaim<\/a> pour trouver un apiculteur pr\u00e8s de chez vous.<\/p>\n\n\n<figure class=\"wp-block-image size-full\"><img loading=\"lazy\" decoding=\"async\" width=\"861\" height=\"480\" src=\"https:\/\/couleur-abeille.fr\/wp-content\/uploads\/2024\/08\/zone.png\" alt=\"\" class=\"wp-image-85\" srcset=\"https:\/\/www.couleur-abeille.fr\/wp-content\/uploads\/2024\/08\/zone.png 861w, https:\/\/www.couleur-abeille.fr\/wp-content\/uploads\/2024\/08\/zone-600x334.png 600w, https:\/\/www.couleur-abeille.fr\/wp-content\/uploads\/2024\/08\/zone-300x167.png 300w, https:\/\/www.couleur-abeille.fr\/wp-content\/uploads\/2024\/08\/zone-768x428.png 768w\" sizes=\"auto, (max-width: 861px) 100vw, 861px\" \/><figcaption class=\"wp-element-caption\">Zone d&rsquo;intervention<\/figcaption><\/figure>\n\n<\/div><\/div>\n\n\n\n<div class=\"wp-block-group has-global-padding is-layout-constrained wp-block-group-is-layout-constrained\">\n<div class=\"wp-block-columns is-layout-flex wp-container-core-columns-is-layout-28f84493 wp-block-columns-is-layout-flex\">\n<div class=\"wp-block-column is-layout-flow wp-block-column-is-layout-flow\" style=\"flex-basis:33.33%\">\n<figure class=\"wp-block-image size-full\"><img loading=\"lazy\" decoding=\"async\" width=\"778\" height=\"726\" src=\"https:\/\/couleur-abeille.fr\/wp-content\/uploads\/2024\/12\/dangerpng.png\" alt=\"\" class=\"wp-image-187\" srcset=\"https:\/\/www.couleur-abeille.fr\/wp-content\/uploads\/2024\/12\/dangerpng.png 778w, https:\/\/www.couleur-abeille.fr\/wp-content\/uploads\/2024\/12\/dangerpng-300x280.png 300w, https:\/\/www.couleur-abeille.fr\/wp-content\/uploads\/2024\/12\/dangerpng-768x717.png 768w, https:\/\/www.couleur-abeille.fr\/wp-content\/uploads\/2024\/12\/dangerpng-600x560.png 600w\" sizes=\"auto, (max-width: 778px) 100vw, 778px\" \/><\/figure>\n<\/div>\n\n\n\n<div class=\"wp-block-column is-layout-flow wp-block-column-is-layout-flow\" style=\"flex-basis:66.66%\">\n<div data-schema-only=\"false\" class=\"wp-block-aioseo-faq\"><h3 class=\"aioseo-faq-block-question\">! Avant d&rsquo;appeler assurez vous :<\/h3><div class=\"aioseo-faq-block-answer\">\n\n<ul class=\"wp-block-list\">\n\n<li>Qu&rsquo;il s&rsquo;agisse bien d&rsquo;un <strong>essaim d&rsquo;abeilles<\/strong> et non de gu\u00eapes, frelon ou autres.. Si vous avez un doute, envoyez moi une photo !<\/li>\n\n\n<li>Que l&rsquo;essaim soit accessible, je ne pourrais pas intervenir si celui-ci est trop haut ou mal plac\u00e9 (ex : conduit de chemin\u00e9)<\/li>\n\n<\/ul>\n\n<\/div><\/div>\n<\/div>\n<\/div>\n<\/div>\n\n\n\n<hr class=\"wp-block-separator has-alpha-channel-opacity\"\/>\n\n\n\n<p class=\"has-text-align-center\"><strong>Contactez moi : <a href=\"tel:0627747541\" title=\"\">06 27 74 75 41<\/a><\/strong><\/p>\n\n\n\n<div style=\"height:127px\" aria-hidden=\"true\" class=\"wp-block-spacer\"><\/div>\n","protected":false},"excerpt":{"rendered":"<p>Un essaim s&rsquo;est pos\u00e9 dans votre jardin ? Je peux intervenir pour le r\u00e9cup\u00e9rer et le mettre en s\u00e9curit\u00e9 ! Contactez moi : 06 27 74 75 41<\/p>\n","protected":false},"author":1,"featured_media":0,"parent":0,"menu_order":0,"comment_status":"closed","ping_status":"closed","template":"","meta":{"footnotes":""},"class_list":["post-78","page","type-page","status-publish","hentry"],"_links":{"self":[{"href":"https:\/\/www.couleur-abeille.fr\/index.php\/wp-json\/wp\/v2\/pages\/78","targetHints":{"allow":["GET"]}}],"collection":[{"href":"https:\/\/www.couleur-abeille.fr\/index.php\/wp-json\/wp\/v2\/pages"}],"about":[{"href":"https:\/\/www.couleur-abeille.fr\/index.php\/wp-json\/wp\/v2\/types\/page"}],"author":[{"embeddable":true,"href":"https:\/\/www.couleur-abeille.fr\/index.php\/wp-json\/wp\/v2\/users\/1"}],"replies":[{"embeddable":true,"href":"https:\/\/www.couleur-abeille.fr\/index.php\/wp-json\/wp\/v2\/comments?post=78"}],"version-history":[{"count":9,"href":"https:\/\/www.couleur-abeille.fr\/index.php\/wp-json\/wp\/v2\/pages\/78\/revisions"}],"predecessor-version":[{"id":188,"href":"https:\/\/www.couleur-abeille.fr\/index.php\/wp-json\/wp\/v2\/pages\/78\/revisions\/188"}],"wp:attachment":[{"href":"https:\/\/www.couleur-abeille.fr\/index.php\/wp-json\/wp\/v2\/media?parent=78"}],"curies":[{"name":"wp","href":"https:\/\/api.w.org\/{rel}","templated":true}]}}